{"id":68,"date":"2015-04-11T15:48:51","date_gmt":"2015-04-11T15:48:51","guid":{"rendered":"http:\/\/elbschule.schulhomepages.hamburg.de\/?page_id=68"},"modified":"2025-09-10T15:06:16","modified_gmt":"2025-09-10T15:06:16","slug":"fruehfoerderung","status":"publish","type":"page","link":"https:\/\/elbschule.hamburg.de\/?page_id=68","title":{"rendered":"Fr\u00fchf\u00f6rderung"},"content":{"rendered":"<div class=\"maintext\">\n<p align=\"left\"><strong><span style=\"text-decoration: underline\">Unsere Ziele<\/span><\/strong><\/p>\n<p>Das Fr\u00fchf\u00f6rderteam der Elbschule BZ HK unterst\u00fctzt die Gesamtentwicklung Ihres Kindes mit einem ganzheitlichen F\u00f6rderkonzept. Wir beraten Sie als Eltern und st\u00e4rken Ihre Kompetenzen.<\/p>\n<div class=\"page\" title=\"Page 4\">\n<div class=\"section\">\n<div class=\"layoutArea\">\n<div class=\"column\">\n<p><strong><span style=\"text-decoration: underline\"><br \/>\nUnser Angebot<\/span><\/strong><\/p>\n<p>Wir bieten Fr\u00fchf\u00f6rderung f\u00fcr alle Kinder im Alter von 0 bis 6 Jahren an, deren H\u00f6rf\u00e4higkeit beeintr\u00e4chtigt ist.<\/p>\n<p>Der ganzheitliche Blick auf Ihr Kind steht im Vordergrund. Je nach Bedarf kann unsere Fr\u00fchf\u00f6rderung folgende Schwerpunkte haben:<\/p>\n<ul>\n<li>Lautsprachliche Fr\u00fchf\u00f6rderung mit dem Ziel, auf m\u00f6glichst nat\u00fcrlichem Wege H\u00f6ren und Sprechen zu lernen und damit Lautsprache als Kommunikationsmittel zu erwerben.<\/li>\n<li>Geb\u00e4rdenunterst\u00fctzte lautsprachliche Fr\u00fchf\u00f6rderung oder<\/li>\n<li>Bimodal-bilinguale Fr\u00fchf\u00f6rderung (Deutsche Geb\u00e4rdensprache<br \/>\nund Deutsche Schrift\/Lautsprache) mit dem Ziel, je nach individueller Ausgangslage Geb\u00e4rdensprache und\/oder H\u00f6ren und Sprechen zu lernen.<\/li>\n<\/ul>\n<p><strong><span style=\"text-decoration: underline\">\u00a0<\/span><\/strong><\/p>\n<\/div>\n<\/div>\n<\/div>\n<\/div>\n<p><strong><span style=\"text-decoration: underline\"><br \/>\nUnsere Schwerpunkte<\/span><\/strong><a href=\"https:\/\/elbschule.hamburg.de\/wp-content\/uploads\/sites\/127\/2015\/09\/Fr\u00fchf\u00f6rderung-385x256.jpg\" data-rel=\"lightbox\" data-rl_title=\"\" data-rl_caption=\"\" title=\"\"><img loading=\"lazy\" decoding=\"async\" class=\"wp-image-686 alignright\" src=\"https:\/\/elbschule.hamburg.de\/wp-content\/uploads\/sites\/127\/2015\/09\/Fr\u00fchf\u00f6rderung-385x256.jpg\" alt=\"\" width=\"313\" height=\"208\" srcset=\"https:\/\/elbschule.hamburg.de\/wp-content\/uploads\/sites\/127\/2015\/09\/Fr\u00fchf\u00f6rderung-385x256.jpg 385w, https:\/\/elbschule.hamburg.de\/wp-content\/uploads\/sites\/127\/2015\/09\/Fr\u00fchf\u00f6rderung-385x256-300x199.jpg 300w\" sizes=\"auto, (max-width: 313px) 100vw, 313px\" \/><\/a><\/p>\n<ul>\n<li>regelm\u00e4\u00dfige p\u00e4dagogisch-audiologische Testungen<\/li>\n<li>regelm\u00e4\u00dfige \u00dcberpr\u00fcfung der H\u00f6rger\u00e4te\/Cochlear Implantate (CI)<\/li>\n<li>Begleitung bei der H\u00f6rger\u00e4te\/ CI Anpassung (Austausch mit den<br \/>\nAkustiker:innen \/ Audiolog:innen)<\/li>\n<li>F\u00f6rderung der H\u00f6r- und Lautsprachentwicklung<\/li>\n<li>F\u00f6rderung der geb\u00e4rdensprachlichen Kommunikation<\/li>\n<li>Gruppenangebote f\u00fcr Eltern und Kinder<\/li>\n<li>vielf\u00e4ltige Beratungsangebote f\u00fcr Eltern und Bezugspersonen<\/li>\n<li>interdisziplin\u00e4rer Austausch<\/li>\n<\/ul>\n<div class=\"page\" title=\"Page 4\">\n<div class=\"section\">\n<div class=\"layoutArea\">\n<div class=\"column\">\n<p><strong><span style=\"text-decoration: underline\"><br \/>\nUnser Beratungsangebot<\/span><\/strong><\/p>\n<ul>\n<li>Informationen \u00fcber die m\u00f6gliche Bedeutung der individuellen H\u00f6rsch\u00e4digung f\u00fcr die H\u00f6r- und Lautsprachentwicklung Ihres Kindes<\/li>\n<li>Informationen zu geb\u00e4rdensprachlicher Kommunikation<\/li>\n<li>Videoaufnahmen und deren Besprechung w\u00e4hrend der Fr\u00fchf\u00f6rderung<\/li>\n<li>Halbj\u00e4hrliche beschreibende Sprachentwicklungsst\u00e4nde<\/li>\n<li>Informationen \u00fcber die Funktionsweise von H\u00f6rger\u00e4ten, Cochlea-Implantaten und anderen technischen Hilfsmitteln<\/li>\n<li>Lesen und Verstehen eines Audiogramms<\/li>\n<li>Unterst\u00fctzung bei der Beantragung eines Schwerbehindertenausweises und\/oder eines Pflegegrades<\/li>\n<li>Aktuelle Informationen \u00fcber das schulinterne padlet<\/li>\n<li>immanente Elternberatung w\u00e4hrend der Fr\u00fchf\u00f6rderstunde<\/li>\n<li>Informationen \u00fcber m\u00f6gliche Bildungswege f\u00fcr Ihr Kind (Begleitung im \u00dcbergang zu Kita und Schule)<\/li>\n<li>Beratung der Erzieher:innen in den Kinderg\u00e4rten<\/li>\n<\/ul>\n<\/div>\n<\/div>\n<\/div>\n<\/div>\n<\/div>\n<div class=\"page\" title=\"Page 4\">\n<div class=\"section\">\n<div class=\"layoutArea\">\n<div class=\"column\">\n<p><strong><span style=\"text-decoration: underline\"><br \/>\nWeitere Angebote<\/span><\/strong><\/p>\n<ul>\n<li>t\u00e4gliche Begegnungszeiten mit anderen Kindern und Eltern<\/li>\n<li>monatliche \u201eWinzlingstreffen\u201c f\u00fcr Kinder im Alter von 0 bis 2 Jahren und ihre Eltern<\/li>\n<li><u>Jahres-Feste<\/u> (Weihnachtsbacken und Sommerfest)<\/li>\n<li>online-Elterncoaching: Hamburger Elternprogramm\u00a0 2025<\/li>\n<li>monatlich moderierte <u>online-Elterngruppe<\/u> zum informellen Austausch<\/li>\n<li>Vermittlung von ersten Geb\u00e4rdenkenntnissen in w\u00f6chentlichen online-Elternkursen<\/li>\n<li>j\u00e4hrliches online-Fortbildungsangebot mit zwei Modulen f\u00fcr Erzieher:innen<\/li>\n<\/ul>\n<p>&nbsp;<\/p>\n<p><strong><span style=\"text-decoration: underline\">Aktuelle Termine\u00a0 2025 \/ 2026 zum Download<\/span><\/strong><span style=\"color: #cc0000\"><br \/>\n<\/span><a href=\"https:\/\/elbschule.hamburg.de\/wp-content\/uploads\/sites\/127\/2016\/09\/bil.-Spielnachmittage_Winzitreff-2016.17.pdf\"><br \/>\n<\/a><img loading=\"lazy\" decoding=\"async\" class=\"alignleft wp-image-537\" src=\"https:\/\/elbschule.hamburg.de\/wp-content\/uploads\/sites\/127\/2015\/08\/Bildschirmfoto-2015-08-30-um-18.00.46.png\" alt=\"Flyer Fr\u00fchf\u00f6rderung Titel\" width=\"53\" height=\"54\" srcset=\"https:\/\/elbschule.hamburg.de\/wp-content\/uploads\/sites\/127\/2015\/08\/Bildschirmfoto-2015-08-30-um-18.00.46.png 407w, https:\/\/elbschule.hamburg.de\/wp-content\/uploads\/sites\/127\/2015\/08\/Bildschirmfoto-2015-08-30-um-18.00.46-150x150.png 150w, https:\/\/elbschule.hamburg.de\/wp-content\/uploads\/sites\/127\/2015\/08\/Bildschirmfoto-2015-08-30-um-18.00.46-296x300.png 296w\" sizes=\"auto, (max-width: 53px) 100vw, 53px\" \/><\/p>\n<p><a href=\"https:\/\/elbschule.hamburg.de\/wp-content\/uploads\/sites\/127\/2025\/09\/Winzitreffen-2025_26.pdf\" target=\"_blank\" rel=\"noopener\">Winzitreffen 2025\/26<\/a><\/p>\n<p>&nbsp;<\/p>\n<p><a href=\"https:\/\/elbschule.hamburg.de\/wp-content\/uploads\/sites\/127\/2025\/09\/Elterngruppe-2025_26.pdf\" target=\"_blank\" rel=\"noopener\">Elterngruppe 2025\/26<\/a><img loading=\"lazy\" decoding=\"async\" class=\"alignleft wp-image-537\" src=\"https:\/\/elbschule.hamburg.de\/wp-content\/uploads\/sites\/127\/2015\/08\/Bildschirmfoto-2015-08-30-um-18.00.46-150x150.png\" alt=\"\" width=\"53\" height=\"53\" srcset=\"https:\/\/elbschule.hamburg.de\/wp-content\/uploads\/sites\/127\/2015\/08\/Bildschirmfoto-2015-08-30-um-18.00.46-150x150.png 150w, https:\/\/elbschule.hamburg.de\/wp-content\/uploads\/sites\/127\/2015\/08\/Bildschirmfoto-2015-08-30-um-18.00.46-296x300.png 296w, https:\/\/elbschule.hamburg.de\/wp-content\/uploads\/sites\/127\/2015\/08\/Bildschirmfoto-2015-08-30-um-18.00.46.png 407w\" sizes=\"auto, (max-width: 53px) 100vw, 53px\" \/><\/p>\n<p>&nbsp;<\/p>\n<p><img loading=\"lazy\" decoding=\"async\" class=\"alignleft wp-image-537\" src=\"https:\/\/elbschule.hamburg.de\/wp-content\/uploads\/sites\/127\/2015\/08\/Bildschirmfoto-2015-08-30-um-18.00.46.png\" alt=\"Flyer Fr\u00fchf\u00f6rderung Titel\" width=\"53\" height=\"54\" srcset=\"https:\/\/elbschule.hamburg.de\/wp-content\/uploads\/sites\/127\/2015\/08\/Bildschirmfoto-2015-08-30-um-18.00.46.png 407w, https:\/\/elbschule.hamburg.de\/wp-content\/uploads\/sites\/127\/2015\/08\/Bildschirmfoto-2015-08-30-um-18.00.46-150x150.png 150w, https:\/\/elbschule.hamburg.de\/wp-content\/uploads\/sites\/127\/2015\/08\/Bildschirmfoto-2015-08-30-um-18.00.46-296x300.png 296w\" sizes=\"auto, (max-width: 53px) 100vw, 53px\" \/><br \/>\n<a href=\"https:\/\/elbschule.hamburg.de\/wp-content\/uploads\/sites\/127\/2025\/09\/Hamburger-Elternprogramm-NEU-2025.pdf\" target=\"_blank\" rel=\"noopener\">Hamburger Elternprogramm 2025<\/a><\/p>\n<p>&nbsp;<\/p>\n<p><img loading=\"lazy\" decoding=\"async\" class=\"alignleft wp-image-537\" src=\"https:\/\/elbschule.hamburg.de\/wp-content\/uploads\/sites\/127\/2015\/08\/Bildschirmfoto-2015-08-30-um-18.00.46.png\" alt=\"Flyer Fr\u00fchf\u00f6rderung Titel\" width=\"53\" height=\"54\" srcset=\"https:\/\/elbschule.hamburg.de\/wp-content\/uploads\/sites\/127\/2015\/08\/Bildschirmfoto-2015-08-30-um-18.00.46.png 407w, https:\/\/elbschule.hamburg.de\/wp-content\/uploads\/sites\/127\/2015\/08\/Bildschirmfoto-2015-08-30-um-18.00.46-150x150.png 150w, https:\/\/elbschule.hamburg.de\/wp-content\/uploads\/sites\/127\/2015\/08\/Bildschirmfoto-2015-08-30-um-18.00.46-296x300.png 296w\" sizes=\"auto, (max-width: 53px) 100vw, 53px\" \/><a href=\"https:\/\/elbschule.hamburg.de\/wp-content\/uploads\/sites\/127\/2025\/09\/Einladung-Backen_2025.pdf\" target=\"_blank\" rel=\"noopener\">Weihnachtsbacken 2025<\/a><\/p>\n<p>&nbsp;<\/p>\n<p><img loading=\"lazy\" decoding=\"async\" class=\"alignleft wp-image-537\" src=\"https:\/\/elbschule.hamburg.de\/wp-content\/uploads\/sites\/127\/2015\/08\/Bildschirmfoto-2015-08-30-um-18.00.46.png\" alt=\"Flyer Fr\u00fchf\u00f6rderung Titel\" width=\"53\" height=\"54\" srcset=\"https:\/\/elbschule.hamburg.de\/wp-content\/uploads\/sites\/127\/2015\/08\/Bildschirmfoto-2015-08-30-um-18.00.46.png 407w, https:\/\/elbschule.hamburg.de\/wp-content\/uploads\/sites\/127\/2015\/08\/Bildschirmfoto-2015-08-30-um-18.00.46-150x150.png 150w, https:\/\/elbschule.hamburg.de\/wp-content\/uploads\/sites\/127\/2015\/08\/Bildschirmfoto-2015-08-30-um-18.00.46-296x300.png 296w\" sizes=\"auto, (max-width: 53px) 100vw, 53px\" \/><br \/>\n<a href=\"https:\/\/elbschule.hamburg.de\/wp-content\/uploads\/sites\/127\/2025\/09\/Fruehlingsfest-Mai-2026-.pdf\" target=\"_blank\" rel=\"noopener\">Fr\u00fchlingsfest Mai 2026<\/a><\/p>\n<p>&nbsp;<\/p>\n<div class=\"page\" title=\"Page 4\">\n<div class=\"section\">\n<div class=\"layoutArea\">\n<div class=\"column\">\n<p><strong><span style=\"text-decoration: underline\">Unser Team<\/span><\/strong><\/p>\n<\/div>\n<\/div>\n<\/div>\n<\/div>\n<\/div>\n<\/div>\n<div class=\"layoutArea\">\n<div class=\"column\">\n<p><img loading=\"lazy\" decoding=\"async\" class=\"alignleft wp-image-5170 size-full\" src=\"https:\/\/elbschule.hamburg.de\/wp-content\/uploads\/sites\/127\/2025\/09\/Team-2026.jpg\" alt=\"\" width=\"1280\" height=\"882\" srcset=\"https:\/\/elbschule.hamburg.de\/wp-content\/uploads\/sites\/127\/2025\/09\/Team-2026.jpg 1280w, https:\/\/elbschule.hamburg.de\/wp-content\/uploads\/sites\/127\/2025\/09\/Team-2026-300x207.jpg 300w, https:\/\/elbschule.hamburg.de\/wp-content\/uploads\/sites\/127\/2025\/09\/Team-2026-1024x706.jpg 1024w, https:\/\/elbschule.hamburg.de\/wp-content\/uploads\/sites\/127\/2025\/09\/Team-2026-768x529.jpg 768w\" sizes=\"auto, (max-width: 1280px) 100vw, 1280px\" \/><\/p>\n<\/div>\n<\/div>\n<p>Wir sind ein Team von H\u00f6rgesch\u00e4digtenp\u00e4dagoginnen mit langj\u00e4hriger Erfahrung in der Fr\u00fchf\u00f6rderung von S\u00e4uglingen und Kleinkindern mit einer H\u00f6rsch\u00e4digung.<br \/>\nWir arbeiten eng mit verschiedenen Berufsgruppen zusammen (\u00c4rzt:innen,<br \/>\nP\u00e4daudiolog:innen, P\u00e4dakustiker:innen, Therapeut:innen, Erzieher:innen u.a.).<\/p>\n<div class=\"layoutArea\">\n<div class=\"column\">\n<p><strong><br \/>\nWo finden Sie uns?<br \/>\n<\/strong><\/p>\n<div class=\"maintext\">\n<p align=\"left\"><a href=\"https:\/\/elbschule.hamburg.de\/?page_id=48\" target=\"_blank\" rel=\"noopener noreferrer\">Lageplan<\/a><\/p>\n<\/div>\n<div class=\"maintext\"><a href=\"https:\/\/elbschule.hamburg.de\/wp-content\/uploads\/sites\/127\/2015\/09\/roth.jpg\" data-rel=\"lightbox\" data-rl_title=\"\" data-rl_caption=\"\" title=\"\"><img loading=\"lazy\" decoding=\"async\" class=\"alignleft size-full wp-image-674\" src=\"https:\/\/elbschule.hamburg.de\/wp-content\/uploads\/sites\/127\/2015\/09\/roth.jpg\" alt=\"roth\" width=\"370\" height=\"191\" srcset=\"https:\/\/elbschule.hamburg.de\/wp-content\/uploads\/sites\/127\/2015\/09\/roth.jpg 370w, https:\/\/elbschule.hamburg.de\/wp-content\/uploads\/sites\/127\/2015\/09\/roth-300x155.jpg 300w\" sizes=\"auto, (max-width: 370px) 100vw, 370px\" \/><\/a><\/div>\n<div class=\"maintext\"><\/div>\n<div class=\"maintext\"><\/div>\n<div class=\"maintext\">\n<p><strong><br \/>\nIngrid Roth<\/strong><br \/>\nLeiterin der Abteilung III<br \/>\nTel.: 040 &#8211; 428 485 -0<br \/>\n<span style=\"color: #339966\">Ingrid.Roth(at)bsfb.hamburg.de<\/span><\/p>\n<\/div>\n<p><a href=\"https:\/\/elbschule.hamburg.de\/wp-content\/uploads\/sites\/127\/2015\/10\/garvs.jpg\" data-rel=\"lightbox\" data-rl_title=\"\" data-rl_caption=\"\" title=\"\"><img loading=\"lazy\" decoding=\"async\" class=\"alignleft size-full wp-image-714\" src=\"https:\/\/elbschule.hamburg.de\/wp-content\/uploads\/sites\/127\/2015\/10\/garvs.jpg\" alt=\"garvs\" width=\"370\" height=\"190\" srcset=\"https:\/\/elbschule.hamburg.de\/wp-content\/uploads\/sites\/127\/2015\/10\/garvs.jpg 370w, https:\/\/elbschule.hamburg.de\/wp-content\/uploads\/sites\/127\/2015\/10\/garvs-300x154.jpg 300w\" sizes=\"auto, (max-width: 370px) 100vw, 370px\" \/><\/a><\/p>\n<p>&nbsp;<\/p>\n<p>&nbsp;<\/p>\n<p><strong>Christiane Garvs<\/strong><br \/>\nFr\u00fchf\u00f6rderung<br \/>\nTel.: 040 &#8211; 428 485 -0<br \/>\n<span style=\"color: #339966\">christiane.garvs(at)bzhk.hamburg.de<\/span><\/p>\n<p>&nbsp;<\/p>\n<p>&nbsp;<\/p>\n<p><a href=\"https:\/\/elbschule.hamburg.de\/wp-content\/uploads\/sites\/127\/2015\/08\/Folder_Fruehfoerderung_120x120.pdf\" target=\"_blank\" rel=\"noopener noreferrer\"><img loading=\"lazy\" decoding=\"async\" class=\"alignnone wp-image-537\" src=\"https:\/\/elbschule.hamburg.de\/wp-content\/uploads\/sites\/127\/2015\/08\/Bildschirmfoto-2015-08-30-um-18.00.46.png\" alt=\"Flyer Fr\u00fchf\u00f6rderung Titel\" width=\"54\" height=\"55\" srcset=\"https:\/\/elbschule.hamburg.de\/wp-content\/uploads\/sites\/127\/2015\/08\/Bildschirmfoto-2015-08-30-um-18.00.46.png 407w, https:\/\/elbschule.hamburg.de\/wp-content\/uploads\/sites\/127\/2015\/08\/Bildschirmfoto-2015-08-30-um-18.00.46-150x150.png 150w, https:\/\/elbschule.hamburg.de\/wp-content\/uploads\/sites\/127\/2015\/08\/Bildschirmfoto-2015-08-30-um-18.00.46-296x300.png 296w\" sizes=\"auto, (max-width: 54px) 100vw, 54px\" \/><\/a><a href=\"https:\/\/elbschule.hamburg.de\/wp-content\/uploads\/sites\/127\/2015\/08\/Folder_Fruehfoerderung_120x120.pdf\" target=\"_blank\" rel=\"noopener noreferrer\">\u00a0 Flyer Fr\u00fchf\u00f6rderung <\/a><\/p>\n<p>&nbsp;<\/p>\n<\/div>\n<\/div>\n<\/div>\n<\/div>\n","protected":false},"excerpt":{"rendered":"<p>Unsere Ziele Das Fr\u00fchf\u00f6rderteam der Elbschule BZ HK unterst\u00fctzt die Gesamtentwicklung Ihres Kindes mit einem ganzheitlichen F\u00f6rderkonzept. Wir beraten Sie als Eltern und st\u00e4rken Ihre Kompetenzen. Unser Angebot Wir bieten Fr\u00fchf\u00f6rderung f\u00fcr alle Kinder im Alter von 0 bis 6 Jahren an, deren H\u00f6rf\u00e4higkeit beeintr\u00e4chtigt ist. Der ganzheitliche Blick auf Ihr Kind steht im Vordergrund. &hellip; <a href=\"https:\/\/elbschule.hamburg.de\/?page_id=68\" class=\"more-link\"><span class=\"screen-reader-text\">Fr\u00fchf\u00f6rderung<\/span> weiterlesen <span class=\"meta-nav\">&rarr;<\/span><\/a><\/p>\n","protected":false},"author":207,"featured_media":0,"parent":0,"menu_order":0,"comment_status":"closed","ping_status":"closed","template":"","meta":{"_acf_changed":false,"footnotes":""},"class_list":["post-68","page","type-page","status-publish","hentry"],"acf":[],"_links":{"self":[{"href":"https:\/\/elbschule.hamburg.de\/index.php?rest_route=\/wp\/v2\/pages\/68","targetHints":{"allow":["GET"]}}],"collection":[{"href":"https:\/\/elbschule.hamburg.de\/index.php?rest_route=\/wp\/v2\/pages"}],"about":[{"href":"https:\/\/elbschule.hamburg.de\/index.php?rest_route=\/wp\/v2\/types\/page"}],"author":[{"embeddable":true,"href":"https:\/\/elbschule.hamburg.de\/index.php?rest_route=\/wp\/v2\/users\/207"}],"replies":[{"embeddable":true,"href":"https:\/\/elbschule.hamburg.de\/index.php?rest_route=%2Fwp%2Fv2%2Fcomments&post=68"}],"version-history":[{"count":68,"href":"https:\/\/elbschule.hamburg.de\/index.php?rest_route=\/wp\/v2\/pages\/68\/revisions"}],"predecessor-version":[{"id":5176,"href":"https:\/\/elbschule.hamburg.de\/index.php?rest_route=\/wp\/v2\/pages\/68\/revisions\/5176"}],"wp:attachment":[{"href":"https:\/\/elbschule.hamburg.de\/index.php?rest_route=%2Fwp%2Fv2%2Fmedia&parent=68"}],"curies":[{"name":"wp","href":"https:\/\/api.w.org\/{rel}","templated":true}]}}