{"id":67,"date":"2015-04-11T15:48:26","date_gmt":"2015-04-11T15:48:26","guid":{"rendered":"http:\/\/elbschule.schulhomepages.hamburg.de\/?page_id=67"},"modified":"2020-09-12T17:14:52","modified_gmt":"2020-09-12T17:14:52","slug":"schulgeschichte","status":"publish","type":"page","link":"https:\/\/elbschule.hamburg.de\/?page_id=67","title":{"rendered":"Schulgeschichte"},"content":{"rendered":"<h1><a href=\"https:\/\/elbschule.hamburg.de\/wp-content\/uploads\/sites\/127\/2020\/06\/SeelsOhrge_26-Elbschule-1.pdf\" target=\"_blank\" rel=\"noopener noreferrer\">Alle(s) unter einem Dach \u2013 Von getrennten H\u00f6rgesch\u00e4digtenschulen zum inklusiven Bildungszentrum<\/a><\/h1>\n<p>Der <a href=\"https:\/\/elbschule.hamburg.de\/wp-content\/uploads\/sites\/127\/2020\/06\/SeelsOhrge_26-Elbschule-1.pdf\" target=\"_blank\" rel=\"noopener noreferrer\">vollst\u00e4ndige Bericht<\/a> von Johannes Eitner, dem ehemaligen Schulleiter der Elbschule, ist in der Zeitung der Evangelischen Schwerh\u00f6rigenseelsorge &#8222;SEELSOHRGE&#8220; im M\u00e4rz 2020 erschienen. Die Ver\u00f6ffentlichung auf der Elbschul-Homepage geschieht mit freundlicher Genehmigung der Redaktion.<\/p>\n<h1><a href=\"#ueberschrift1\">Schule f\u00fcr H\u00f6rgesch\u00e4digte<\/a><\/h1>\n<p>Die Samuel-Heinicke-Schule und die Schwerh\u00f6rigenschule Hamburg werden 2000 zur Schule f\u00fcr H\u00f6rgesch\u00e4digte zusammengef\u00fchrt &#8230;<\/p>\n<h1><a href=\"#ueberschrift2\">Schwerh\u00f6rigenschule<\/a><\/h1>\n<p>1911 wird die Schwerh\u00f6rigenschule Hamburg gegr\u00fcndet &#8230;<\/p>\n<h1><a href=\"#ueberschrift3\">Geh\u00f6rlosenschule<\/a><\/h1>\n<p>Hamburgs erste Schule f\u00fcr Geh\u00f6rlose wird 1827 er\u00f6ffnet &#8230;<\/p>\n<hr \/>\n<h1><\/h1>\n<h1 id=\"ueberschrift1\">Schule f\u00fcr H\u00f6rgesch\u00e4digte<\/h1>\n<p><strong>2000:<br \/>\n<\/strong>Die\u00a0Zusammenf\u00fchrung der <strong>Samuel-Heinicke-Schule<\/strong> und der <strong>Schwerh\u00f6rigenschule<\/strong> Hamburg zur <strong>Schule f\u00fcr H\u00f6rgesch\u00e4digte<\/strong> &#8211; Schule f\u00fcr Schwerh\u00f6rige und Schule f\u00fcr Geh\u00f6rlose unter vorl\u00e4ufiger Weiternutzung der Schulgeb\u00e4ude in der Hammer Stra\u00dfe und am Schultzweg.<\/p>\n<p><strong>2006:<\/strong><br \/>\nDie Beh\u00f6rde f\u00fcr Bildung und Sport stellt in Aussicht, die gesamte Schule f\u00fcr H\u00f6rgesch\u00e4digte im Schuljahr 2009\/2010 an den Holmbrook 20 zu verlegen. Das dortige Schulgeb\u00e4ude bietet Raumkapazit\u00e4ten f\u00fcr alle drei Abteilungen der Schule und gute Voraussetzungen f\u00fcr ein umfassendes Kompetenz- und Servicezentrum f\u00fcr Kinder und Jugendliche mit H\u00f6rsch\u00e4digung in Hamburg und Umgebung.<\/p>\n<p><strong>2008:<\/strong><br \/>\nDie Beh\u00f6rde f\u00fcr Schule und Berufsbildung beschlie\u00dft die Verlegung der Schule an den Holmbrook 20. Die \u201aInternationale Schule Hamburg\u2018 (ISH), der das dortige Schulgeb\u00e4ude bisher geh\u00f6rt hat, baut eine neue Schule in Klein Flottbek.<\/p>\n<p><strong> 2010:<\/strong><br \/>\nNach dem Auszug der ISH im Januar 2010 wird das gesamte Geb\u00e4ude f\u00fcr die H\u00f6rgesch\u00e4digtenschule umgebaut. Dabei wird besonders auf eine gute Raumakustik geachtet. Die Fertigstellung wird im Fr\u00fchjahr 2011 erwartet.<\/p>\n<hr \/>\n<p>&nbsp;<\/p>\n<h1 id=\"ueberschrift2\">Schwerh\u00f6rigenschule<\/h1>\n<div class=\"maintext\">\n<ul>\n<li><strong>23. M\u00e4rz 1911: <\/strong>Gr\u00fcndung der Schwerh\u00f6rigenschule Hamburg auf Beschluss der Oberschulbeh\u00f6rde. Gr\u00fcnder: Wilhelm Fehling.<\/li>\n<\/ul>\n<ul>\n<li><strong>19. April 1911: <\/strong>Beginn mit zwei Sonderklassen f\u00fcr schwerh\u00f6rige Kinder im Geb\u00e4ude der Volksschule Capellenstra\u00dfe 5. Start mit 16 Sch\u00fclerinnen und Sch\u00fclern sowie zwei &#8222;Taubstummenlehrern&#8220;.<\/li>\n<\/ul>\n<ul>\n<li><strong>1912: <\/strong>Beschluss des Senates und der B\u00fcrgerschaft, die Schwerh\u00f6rigenschule zu einer zw\u00f6lfklassigen selbstst\u00e4ndigen Schule auszubauen.<\/li>\n<\/ul>\n<ul>\n<li><strong>1918:<\/strong> Erstmals Wahl von Elternr\u00e4ten<\/li>\n<\/ul>\n<ul>\n<li><strong>1920:<\/strong> Umzug in die Kampstra\u00dfe<\/li>\n<\/ul>\n<ul>\n<li><strong>1928:<\/strong> 126 Sch\u00fclerinnen und Sch\u00fcler in 12 Klassen<\/li>\n<\/ul>\n<ul>\n<li><strong>1939:<\/strong> 147 Sch\u00fclerinnen und Sch\u00fcler; Umzug in die Felix-Dahn-Stra\u00dfe<\/li>\n<\/ul>\n<ul>\n<li><strong>1942:<\/strong> Umzug in die Schanzenstra\u00dfe<\/li>\n<\/ul>\n<ul>\n<li><strong>1945: <\/strong>Nach dem Krieg Wiederaufnahme des Unterrichts in der Schanzenstra\u00dfe, wegen des schlechten baulichen Zustandes &#8222;Schulhaus ohne Dach und Fenster&#8220; genannt<\/li>\n<\/ul>\n<ul>\n<li><strong>1946:<\/strong> Einrichtung des 9. Pflichtschuljahres<\/li>\n<\/ul>\n<ul>\n<li><strong>1949:<\/strong> Erstmalig: Messung der H\u00f6rf\u00e4higkeit aller Sch\u00fclerinnen und Sch\u00fcler mit geliehenen Audiometern in der Schule<\/li>\n<\/ul>\n<ul>\n<li><strong>1950:<\/strong> Zuweisung eines beratenden HNO-Arztes und finanzielle Mittel f\u00fcr eigenes Audiometer<\/li>\n<\/ul>\n<ul>\n<li><strong>1952:<\/strong> Umzug in die M\u00fcnzstra\u00dfe<\/li>\n<\/ul>\n<ul>\n<li><strong>1952:<\/strong> Einrichtung einer P\u00e4doaudiologischen Beratungsstelle auf Initiative des Schulleiters und des Schulfacharztes<\/li>\n<\/ul>\n<ul>\n<li><strong>1955:<\/strong> Installation der ersten H\u00f6ranlage<\/li>\n<\/ul>\n<ul>\n<li><strong>1957:<\/strong> Einrichtung der Realschule<\/li>\n<\/ul>\n<ul>\n<li><strong>1964:<\/strong> Fertigstellung des Neubaus an der M\u00fcnzstra\u00dfe<\/li>\n<\/ul>\n<ul>\n<li><strong>1965:<\/strong> Er\u00f6ffnung des Kindertagesheimes f\u00fcr schwerh\u00f6rige Kinder durch die Sozialbeh\u00f6rde<\/li>\n<\/ul>\n<ul>\n<li><strong>1966:<\/strong> Einrichtung des Schulkindergartens in der Schwerh\u00f6rigenschule<\/li>\n<\/ul>\n<ul>\n<li><strong>1967:<\/strong> Einrichtung der naturwissenschaftlichen Fachr\u00e4ume<\/li>\n<\/ul>\n<ul>\n<li><strong>1977:<\/strong> \u00dcbergabe der neuen Geb\u00e4ude am Schultzweg<\/li>\n<\/ul>\n<ul>\n<li><strong>1978:<\/strong> h\u00f6chste Sch\u00fclerzahl in der Geschichte der Schule: 346<\/li>\n<\/ul>\n<ul>\n<li><strong>1986:<\/strong> Schulfest: 75-Jahr-Feier<\/li>\n<\/ul>\n<hr \/>\n<p>&nbsp;<\/p>\n<\/div>\n<h1 id=\"ueberschrift3\">Geh\u00f6rlosenschule<\/h1>\n<div class=\"maintext\">\n<ul>\n<li><strong>28. Mai 1827:<\/strong> Er\u00f6ffnung Hamburgs erster Schule f\u00fcr Geh\u00f6rlose als \u2018Taubstummenschule f\u00fcr Hamburg und das Hamburger Gebiet&#8216; am Riemannsplatz vor dem Dammtor. Tr\u00e4ger: Verein zwecks Gr\u00fcndung einer Taubstummenanstalt f\u00fcr Hamburg und das Hamburger Gebiet; Start mit 22 Sch\u00fclerinnen und Sch\u00fclern, einem geh\u00f6rlosen Lehrer und einer Lehrerin f\u00fcr Handarbeit<\/li>\n<\/ul>\n<ul>\n<li><strong>1829:<\/strong> Umzug nach St. Georg: An der Koppel 23 Sch\u00fcler\/innen, 4 Lehrer\/innen<\/li>\n<\/ul>\n<ul>\n<li><strong>1833:<\/strong> erste Konfirmandenpr\u00fcfung<\/li>\n<\/ul>\n<ul>\n<li><strong>1856:<\/strong> staatliche Anerkennung der Schule<\/li>\n<\/ul>\n<ul>\n<li><strong>1873:<\/strong> Wegen wachsender Sch\u00fclerzahlen und Bauf\u00e4lligkeit des alten Geb\u00e4udes: Neubau in der B\u00fcrgerweide; 37 Sch\u00fclerinnen und Sch\u00fcler<\/li>\n<\/ul>\n<ul>\n<li><strong>1882:<\/strong> Verstaatlichung der Schule<\/li>\n<\/ul>\n<ul>\n<li><strong>1919:<\/strong> Kindergarten f\u00fcr Geh\u00f6rlose<\/li>\n<\/ul>\n<ul>\n<li><strong>1943:<\/strong> Bomben zerst\u00f6ren die Schule<\/li>\n<\/ul>\n<ul>\n<li><strong>1946:<\/strong> Neuer Anfang in der Burgstra\u00dfe<\/li>\n<\/ul>\n<ul>\n<li><strong>1951:<\/strong> Einrichtung eines 9. Schuljahres<\/li>\n<\/ul>\n<ul>\n<li><strong>1960:<\/strong> Einrichtung eines freiwilligen 10. Schuljahres<\/li>\n<\/ul>\n<ul>\n<li><strong>1964:<\/strong> Der Neubau in der Hammer Stra\u00dfe ist fertig: Neuer Schulname: Samuel-Heinicke-Schule<\/li>\n<\/ul>\n<ul>\n<li><strong>1965:<\/strong> Einrichtung der Realschule<\/li>\n<\/ul>\n<ul>\n<li><strong>1969:<\/strong> neue Regelung: viele Sch\u00fclerinnen und Sch\u00fcler werden mit Schulbussen bef\u00f6rdert<\/li>\n<\/ul>\n<ul>\n<li><strong>1970:<\/strong> Einf\u00fchrung der 5-Tage-Woche<\/li>\n<\/ul>\n<ul>\n<li><strong>1978:<\/strong> h\u00f6chste Sch\u00fclerzahl in der Geschichte der Schule: 205<\/li>\n<\/ul>\n<ul>\n<li><strong>1987:<\/strong> Schulfest: 160-Jahr-Feier der Samuel-Heinicke-Schule<\/li>\n<\/ul>\n<ul>\n<li><strong>1993:<\/strong> Einrichtung eines Schulversuchs zur bilingualen Bildung und Erziehung geh\u00f6rloser Kinder (2 Klassen, Laufzeit: 6 Jahre)<\/li>\n<\/ul>\n<ul>\n<li><strong>1993:<\/strong> Einweihung des Rundbaus, der zum Fachraumtrakt wird<\/li>\n<\/ul>\n<ul>\n<li><strong>1997:<\/strong> Schulfest: 170-Jahr-Feier<\/li>\n<\/ul>\n<\/div>\n","protected":false},"excerpt":{"rendered":"<p>Alle(s) unter einem Dach \u2013 Von getrennten H\u00f6rgesch\u00e4digtenschulen zum inklusiven Bildungszentrum Der vollst\u00e4ndige Bericht von Johannes Eitner, dem ehemaligen Schulleiter der Elbschule, ist in der Zeitung der Evangelischen Schwerh\u00f6rigenseelsorge &#8222;SEELSOHRGE&#8220; im M\u00e4rz 2020 erschienen. Die Ver\u00f6ffentlichung auf der Elbschul-Homepage geschieht mit freundlicher Genehmigung der Redaktion. Schule f\u00fcr H\u00f6rgesch\u00e4digte Die Samuel-Heinicke-Schule und die Schwerh\u00f6rigenschule Hamburg werden &hellip; <a href=\"https:\/\/elbschule.hamburg.de\/?page_id=67\" class=\"more-link\"><span class=\"screen-reader-text\">Schulgeschichte<\/span> weiterlesen <span class=\"meta-nav\">&rarr;<\/span><\/a><\/p>\n","protected":false},"author":207,"featured_media":0,"parent":0,"menu_order":0,"comment_status":"closed","ping_status":"closed","template":"","meta":{"_acf_changed":false,"footnotes":""},"class_list":["post-67","page","type-page","status-publish","hentry"],"acf":[],"_links":{"self":[{"href":"https:\/\/elbschule.hamburg.de\/index.php?rest_route=\/wp\/v2\/pages\/67","targetHints":{"allow":["GET"]}}],"collection":[{"href":"https:\/\/elbschule.hamburg.de\/index.php?rest_route=\/wp\/v2\/pages"}],"about":[{"href":"https:\/\/elbschule.hamburg.de\/index.php?rest_route=\/wp\/v2\/types\/page"}],"author":[{"embeddable":true,"href":"https:\/\/elbschule.hamburg.de\/index.php?rest_route=\/wp\/v2\/users\/207"}],"replies":[{"embeddable":true,"href":"https:\/\/elbschule.hamburg.de\/index.php?rest_route=%2Fwp%2Fv2%2Fcomments&post=67"}],"version-history":[{"count":4,"href":"https:\/\/elbschule.hamburg.de\/index.php?rest_route=\/wp\/v2\/pages\/67\/revisions"}],"predecessor-version":[{"id":2796,"href":"https:\/\/elbschule.hamburg.de\/index.php?rest_route=\/wp\/v2\/pages\/67\/revisions\/2796"}],"wp:attachment":[{"href":"https:\/\/elbschule.hamburg.de\/index.php?rest_route=%2Fwp%2Fv2%2Fmedia&parent=67"}],"curies":[{"name":"wp","href":"https:\/\/api.w.org\/{rel}","templated":true}]}}