{"id":544,"date":"2015-08-30T17:06:13","date_gmt":"2015-08-30T17:06:13","guid":{"rendered":"http:\/\/elbschule.schulhomepages.hamburg.de\/?page_id=544"},"modified":"2026-03-16T12:56:36","modified_gmt":"2026-03-16T11:56:36","slug":"besondere-aufgaben","status":"publish","type":"page","link":"https:\/\/elbschule.hamburg.de\/?page_id=544","title":{"rendered":"besondere Aufgaben"},"content":{"rendered":"<p>Alle Ansprechpartner\/innen sind erreichbar unter der Telefonnummer:<br \/>\n040 &#8211; 428 485 &#8211; 0<\/p>\n<table style=\"border: none\">\n<tbody>\n<tr>\n<td style=\"border: none;vertical-align: middle\"><a href=\"https:\/\/elbschule.hamburg.de\/wp-content\/uploads\/sites\/127\/2020\/03\/Schulz.jpg\" data-rel=\"lightbox\" data-rl_title=\"\" data-rl_caption=\"\" title=\"\"><img loading=\"lazy\" decoding=\"async\" class=\"alignleft wp-image-2336 size-full\" src=\"https:\/\/elbschule.hamburg.de\/wp-content\/uploads\/sites\/127\/2020\/03\/Schulz.jpg\" alt=\"\" width=\"370\" height=\"191\" srcset=\"https:\/\/elbschule.hamburg.de\/wp-content\/uploads\/sites\/127\/2020\/03\/Schulz.jpg 370w, https:\/\/elbschule.hamburg.de\/wp-content\/uploads\/sites\/127\/2020\/03\/Schulz-300x155.jpg 300w\" sizes=\"auto, (max-width: 370px) 100vw, 370px\" \/><\/a><\/td>\n<td style=\"border: none;vertical-align: middle\"><strong>Ambulante Beratung und Unterst\u00fctzung<\/strong><br \/>\nWolfgang Schulz<br \/>\nwolfgang.schulz(at)bzhk.hamburg.de<\/td>\n<\/tr>\n<tr>\n<td style=\"border: none;vertical-align: middle\"><img loading=\"lazy\" decoding=\"async\" class=\"alignleft wp-image-4352 size-full\" src=\"https:\/\/elbschule.hamburg.de\/wp-content\/uploads\/sites\/127\/2023\/09\/klein-IMG_4854myoka.bearb_..jpg\" alt=\"\" width=\"370\" height=\"192\" srcset=\"https:\/\/elbschule.hamburg.de\/wp-content\/uploads\/sites\/127\/2023\/09\/klein-IMG_4854myoka.bearb_..jpg 370w, https:\/\/elbschule.hamburg.de\/wp-content\/uploads\/sites\/127\/2023\/09\/klein-IMG_4854myoka.bearb_.-300x156.jpg 300w\" sizes=\"auto, (max-width: 370px) 100vw, 370px\" \/><\/td>\n<td style=\"border: none;vertical-align: middle\"><strong>Berufliche Orientierung<\/strong><br \/>\nThomas Nedden<br \/>\nthomas.nedden(at)bzhk.hamburg.de<\/td>\n<\/tr>\n<tr>\n<td style=\"border: none;vertical-align: middle\"><img loading=\"lazy\" decoding=\"async\" class=\"alignleft wp-image-3801 size-full\" src=\"https:\/\/elbschule.hamburg.de\/wp-content\/uploads\/sites\/127\/2022\/12\/auswahl-4305.jpg\" alt=\"\" width=\"370\" height=\"191\" srcset=\"https:\/\/elbschule.hamburg.de\/wp-content\/uploads\/sites\/127\/2022\/12\/auswahl-4305.jpg 370w, https:\/\/elbschule.hamburg.de\/wp-content\/uploads\/sites\/127\/2022\/12\/auswahl-4305-300x155.jpg 300w\" sizes=\"auto, (max-width: 370px) 100vw, 370px\" \/><\/td>\n<td style=\"border: none;vertical-align: middle\"><strong>Diagnostik<\/strong><br \/>\nJulia Bredeh\u00f6ft<br \/>\njulia.bredehoeft(at)bzhk.hamburg.de<\/td>\n<\/tr>\n<tr>\n<td style=\"border: none;vertical-align: middle\"><strong><img loading=\"lazy\" decoding=\"async\" class=\"alignleft wp-image-714 size-full\" src=\"https:\/\/elbschule.hamburg.de\/wp-content\/uploads\/sites\/127\/2015\/10\/garvs.jpg\" alt=\"garvs\" width=\"370\" height=\"190\" srcset=\"https:\/\/elbschule.hamburg.de\/wp-content\/uploads\/sites\/127\/2015\/10\/garvs.jpg 370w, https:\/\/elbschule.hamburg.de\/wp-content\/uploads\/sites\/127\/2015\/10\/garvs-300x154.jpg 300w\" sizes=\"auto, (max-width: 370px) 100vw, 370px\" \/> <\/strong><\/td>\n<td style=\"border: none;vertical-align: middle\"><strong>Fr\u00fchf\u00f6rderung<\/strong><br \/>\nChristiane Garvs<br \/>\nchristiane.garvs(at)bzhk.hamburg.de<\/td>\n<\/tr>\n<tr>\n<td style=\"border: none;vertical-align: middle\"><img loading=\"lazy\" decoding=\"async\" class=\"alignleft wp-image-666 size-full\" src=\"https:\/\/elbschule.hamburg.de\/wp-content\/uploads\/sites\/127\/2015\/09\/assmann.jpg\" alt=\"assmann\" width=\"370\" height=\"191\" srcset=\"https:\/\/elbschule.hamburg.de\/wp-content\/uploads\/sites\/127\/2015\/09\/assmann.jpg 370w, https:\/\/elbschule.hamburg.de\/wp-content\/uploads\/sites\/127\/2015\/09\/assmann-300x155.jpg 300w\" sizes=\"auto, (max-width: 370px) 100vw, 370px\" \/><\/td>\n<td style=\"border: none;vertical-align: middle\"><strong>Ganztagskoordination<\/strong><br \/>\nHolger A\u00dfmann<br \/>\nholger.assmann(at)bzhk.hamburg.de<\/td>\n<\/tr>\n<tr>\n<td style=\"border: none;vertical-align: middle\"><img loading=\"lazy\" decoding=\"async\" class=\"alignleft wp-image-1162 size-full\" src=\"https:\/\/elbschule.hamburg.de\/wp-content\/uploads\/sites\/127\/2017\/01\/Hilpert-Medienbeauftragte.jpg\" alt=\"Hilpert\" width=\"370\" height=\"191\" srcset=\"https:\/\/elbschule.hamburg.de\/wp-content\/uploads\/sites\/127\/2017\/01\/Hilpert-Medienbeauftragte.jpg 370w, https:\/\/elbschule.hamburg.de\/wp-content\/uploads\/sites\/127\/2017\/01\/Hilpert-Medienbeauftragte-300x155.jpg 300w\" sizes=\"auto, (max-width: 370px) 100vw, 370px\" \/><\/td>\n<td style=\"border: none;vertical-align: middle\"><strong>IT und Neue Medien<\/strong><br \/>\nJasmin Hilpert<br \/>\njasmin.hilpert(at)bzhk.hamburg.de<\/td>\n<\/tr>\n<tr>\n<td style=\"border: none;vertical-align: middle\"><img loading=\"lazy\" decoding=\"async\" class=\"alignleft wp-image-4354 size-full\" src=\"https:\/\/elbschule.hamburg.de\/wp-content\/uploads\/sites\/127\/2023\/09\/klein-IMG_4896myoka.bearb_..jpg\" alt=\"\" width=\"370\" height=\"192\" srcset=\"https:\/\/elbschule.hamburg.de\/wp-content\/uploads\/sites\/127\/2023\/09\/klein-IMG_4896myoka.bearb_..jpg 370w, https:\/\/elbschule.hamburg.de\/wp-content\/uploads\/sites\/127\/2023\/09\/klein-IMG_4896myoka.bearb_.-300x156.jpg 300w\" sizes=\"auto, (max-width: 370px) 100vw, 370px\" \/><\/td>\n<td style=\"border: none;vertical-align: middle\"><strong>Koordination Beratung<\/strong><br \/>\nJohanna Schmidt de Cevallos<br \/>\njohanna.schmidtdecevallos(at)<br \/>\nbzhk.hamburg.de<\/td>\n<\/tr>\n<tr>\n<td style=\"border: none;vertical-align: middle\"><img loading=\"lazy\" decoding=\"async\" class=\"alignleft wp-image-3787 size-full\" src=\"https:\/\/elbschule.hamburg.de\/wp-content\/uploads\/sites\/127\/2022\/12\/auswahl-4287.jpg\" alt=\"\" width=\"370\" height=\"191\" srcset=\"https:\/\/elbschule.hamburg.de\/wp-content\/uploads\/sites\/127\/2022\/12\/auswahl-4287.jpg 370w, https:\/\/elbschule.hamburg.de\/wp-content\/uploads\/sites\/127\/2022\/12\/auswahl-4287-300x155.jpg 300w\" sizes=\"auto, (max-width: 370px) 100vw, 370px\" \/><\/td>\n<td style=\"border: none;vertical-align: middle\"><strong>Koordination Kooperationspartner<\/strong><br \/>\nKirsten Cramer<br \/>\nkirsten.cramer(at)bzhk.hamburg.de<\/td>\n<\/tr>\n<tr>\n<td style=\"border: none;vertical-align: middle\"><img loading=\"lazy\" decoding=\"async\" class=\"alignleft wp-image-5401 size-full\" src=\"https:\/\/elbschule.hamburg.de\/wp-content\/uploads\/sites\/127\/2026\/03\/Lena-Lammers_hp.jpg\" alt=\"\" width=\"370\" height=\"191\" srcset=\"https:\/\/elbschule.hamburg.de\/wp-content\/uploads\/sites\/127\/2026\/03\/Lena-Lammers_hp.jpg 370w, https:\/\/elbschule.hamburg.de\/wp-content\/uploads\/sites\/127\/2026\/03\/Lena-Lammers_hp-300x155.jpg 300w\" sizes=\"auto, (max-width: 370px) 100vw, 370px\" \/><\/td>\n<td style=\"border: none;vertical-align: middle\"><strong>Koordination kulturelle Bildung<\/strong><br \/>\nLena Lammers<br \/>\nlena.lammers(at)bzhk.hamburg.de<\/td>\n<\/tr>\n<tr>\n<td style=\"border: none;vertical-align: middle\"><img loading=\"lazy\" decoding=\"async\" class=\"alignleft wp-image-4350 size-full\" src=\"https:\/\/elbschule.hamburg.de\/wp-content\/uploads\/sites\/127\/2023\/09\/klein3-IMG_4831myoka.bearb_..jpg\" alt=\"\" width=\"370\" height=\"192\" srcset=\"https:\/\/elbschule.hamburg.de\/wp-content\/uploads\/sites\/127\/2023\/09\/klein3-IMG_4831myoka.bearb_..jpg 370w, https:\/\/elbschule.hamburg.de\/wp-content\/uploads\/sites\/127\/2023\/09\/klein3-IMG_4831myoka.bearb_.-300x156.jpg 300w\" sizes=\"auto, (max-width: 370px) 100vw, 370px\" \/><\/td>\n<td style=\"border: none;vertical-align: middle\"><strong>Koordination PTF<br \/>\n<\/strong>Nina Maier<br \/>\nnina.maier(at)bzhk.hamburg.de<\/td>\n<\/tr>\n<tr>\n<td style=\"border: none;vertical-align: middle\"><img loading=\"lazy\" decoding=\"async\" class=\"alignleft wp-image-4353 size-full\" src=\"https:\/\/elbschule.hamburg.de\/wp-content\/uploads\/sites\/127\/2023\/09\/klein-IMG_4881myoka.bearb_..jpg\" alt=\"\" width=\"370\" height=\"192\" srcset=\"https:\/\/elbschule.hamburg.de\/wp-content\/uploads\/sites\/127\/2023\/09\/klein-IMG_4881myoka.bearb_..jpg 370w, https:\/\/elbschule.hamburg.de\/wp-content\/uploads\/sites\/127\/2023\/09\/klein-IMG_4881myoka.bearb_.-300x156.jpg 300w\" sizes=\"auto, (max-width: 370px) 100vw, 370px\" \/><\/td>\n<td style=\"border: none;vertical-align: middle\"><strong>Koordination Sprachbildung<\/strong><br \/>\nIris Wagener<br \/>\niris.wagener(at)bzhk.hamburg.de<\/td>\n<\/tr>\n<tr>\n<td style=\"border: none;vertical-align: middle\"><img loading=\"lazy\" decoding=\"async\" class=\"alignleft wp-image-5400 size-full\" src=\"https:\/\/elbschule.hamburg.de\/wp-content\/uploads\/sites\/127\/2026\/03\/Jan-Finkemeyer_hp.jpg\" alt=\"\" width=\"370\" height=\"192\" srcset=\"https:\/\/elbschule.hamburg.de\/wp-content\/uploads\/sites\/127\/2026\/03\/Jan-Finkemeyer_hp.jpg 370w, https:\/\/elbschule.hamburg.de\/wp-content\/uploads\/sites\/127\/2026\/03\/Jan-Finkemeyer_hp-300x156.jpg 300w\" sizes=\"auto, (max-width: 370px) 100vw, 370px\" \/><\/td>\n<td style=\"border: none;vertical-align: middle\"><strong>Projektentwicklung<br \/>\nin der ganzt\u00e4gigen Bildung<\/strong><br \/>\nJan Finkelmeyer<br \/>\njan.finkelmeyer(at)bzhk.hamburg.de<\/td>\n<\/tr>\n<tr>\n<td style=\"border: none;vertical-align: middle\"><img loading=\"lazy\" decoding=\"async\" class=\"alignleft wp-image-1163 size-full\" src=\"https:\/\/elbschule.hamburg.de\/wp-content\/uploads\/sites\/127\/2017\/01\/Ernesti-Unterrichtsentwicklung.jpg\" alt=\"\" width=\"370\" height=\"191\" srcset=\"https:\/\/elbschule.hamburg.de\/wp-content\/uploads\/sites\/127\/2017\/01\/Ernesti-Unterrichtsentwicklung.jpg 370w, https:\/\/elbschule.hamburg.de\/wp-content\/uploads\/sites\/127\/2017\/01\/Ernesti-Unterrichtsentwicklung-300x155.jpg 300w\" sizes=\"auto, (max-width: 370px) 100vw, 370px\" \/><\/td>\n<td style=\"border: none;vertical-align: middle\"><strong>Unterrichtsentwicklung<\/strong><br \/>\nGabi Ernesti<br \/>\ngabriele.ernesti(at)bzhk.hamburg.de<\/td>\n<\/tr>\n<tr>\n<td style=\"border: none;vertical-align: middle\"><a href=\"https:\/\/elbschule.hamburg.de\/wp-content\/uploads\/sites\/127\/2020\/03\/Borgwardt-HP.jpg\" data-rel=\"lightbox\" data-rl_title=\"\" data-rl_caption=\"\" title=\"\"><img loading=\"lazy\" decoding=\"async\" class=\"alignleft wp-image-2338 size-full\" src=\"https:\/\/elbschule.hamburg.de\/wp-content\/uploads\/sites\/127\/2020\/03\/Borgwardt-HP.jpg\" alt=\"\" width=\"370\" height=\"191\" srcset=\"https:\/\/elbschule.hamburg.de\/wp-content\/uploads\/sites\/127\/2020\/03\/Borgwardt-HP.jpg 370w, https:\/\/elbschule.hamburg.de\/wp-content\/uploads\/sites\/127\/2020\/03\/Borgwardt-HP-300x155.jpg 300w\" sizes=\"auto, (max-width: 370px) 100vw, 370px\" \/><\/a><\/td>\n<td style=\"border: none;vertical-align: middle\"><strong>Unterrichtsentwicklung<br \/>\n&#8211; bilingualer Unterricht<\/strong><br \/>\nChristian Borgwardt<br \/>\nchristian.borgwardt(at)bzhk.hamburg.de<\/td>\n<\/tr>\n<tr>\n<td style=\"border: none;vertical-align: middle\"><img loading=\"lazy\" decoding=\"async\" class=\"alignleft wp-image-3789\" src=\"https:\/\/elbschule.hamburg.de\/wp-content\/uploads\/sites\/127\/2022\/12\/auswahl-4318-300x155.jpg\" alt=\"\" width=\"370\" height=\"191\" srcset=\"https:\/\/elbschule.hamburg.de\/wp-content\/uploads\/sites\/127\/2022\/12\/auswahl-4318-300x155.jpg 300w, https:\/\/elbschule.hamburg.de\/wp-content\/uploads\/sites\/127\/2022\/12\/auswahl-4318.jpg 355w\" sizes=\"auto, (max-width: 370px) 100vw, 370px\" \/><\/td>\n<td style=\"border: none;vertical-align: middle\"><strong>Unterrichtsentwicklung<br \/>\n&#8211; digitale Bildung<\/strong><br \/>\nAnneke H\u00e4nel<br \/>\nanneke.haenel(at)bzhk.hamburg.de<\/td>\n<\/tr>\n<tr>\n<td style=\"border: none;vertical-align: middle\"><a href=\"https:\/\/elbschule.hamburg.de\/wp-content\/uploads\/sites\/127\/2020\/03\/Boettjer-HP.jpg\" data-rel=\"lightbox\" data-rl_title=\"\" data-rl_caption=\"\" title=\"\"><img loading=\"lazy\" decoding=\"async\" class=\"alignleft wp-image-2337 size-full\" src=\"https:\/\/elbschule.hamburg.de\/wp-content\/uploads\/sites\/127\/2020\/03\/Boettjer-HP.jpg\" alt=\"\" width=\"370\" height=\"191\" srcset=\"https:\/\/elbschule.hamburg.de\/wp-content\/uploads\/sites\/127\/2020\/03\/Boettjer-HP.jpg 370w, https:\/\/elbschule.hamburg.de\/wp-content\/uploads\/sites\/127\/2020\/03\/Boettjer-HP-300x155.jpg 300w\" sizes=\"auto, (max-width: 370px) 100vw, 370px\" \/><\/a><\/td>\n<td style=\"border: none;vertical-align: middle\"><strong>Unterrichtsentwicklung<br \/>\n&#8211; individuelle F\u00f6rderung<\/strong><br \/>\nKatrin B\u00f6ttjer<br \/>\nkatrin.boettjer(at)bzhk.hamburg.de<\/td>\n<\/tr>\n<tr>\n<td style=\"border: none;vertical-align: middle\"><a href=\"https:\/\/elbschule.hamburg.de\/wp-content\/uploads\/sites\/127\/2020\/03\/Rohlfs-HP.jpg\" data-rel=\"lightbox\" data-rl_title=\"\" data-rl_caption=\"\" title=\"\"><img loading=\"lazy\" decoding=\"async\" class=\"alignleft wp-image-2339 size-full\" src=\"https:\/\/elbschule.hamburg.de\/wp-content\/uploads\/sites\/127\/2020\/03\/Rohlfs-HP.jpg\" alt=\"\" width=\"370\" height=\"191\" srcset=\"https:\/\/elbschule.hamburg.de\/wp-content\/uploads\/sites\/127\/2020\/03\/Rohlfs-HP.jpg 370w, https:\/\/elbschule.hamburg.de\/wp-content\/uploads\/sites\/127\/2020\/03\/Rohlfs-HP-300x155.jpg 300w\" sizes=\"auto, (max-width: 370px) 100vw, 370px\" \/><\/a><\/td>\n<td style=\"border: none;vertical-align: middle\"><strong>Unterrichtsentwicklung<br \/>\n&#8211; inklusive Klassen<\/strong><br \/>\nMaike Rohlfs<br \/>\nmaike.rohlfs(at)bzhk.hamburg.de<\/td>\n<\/tr>\n<\/tbody>\n<\/table>\n<p>&nbsp;<\/p>\n","protected":false},"excerpt":{"rendered":"<p>Alle Ansprechpartner\/innen sind erreichbar unter der Telefonnummer: 040 &#8211; 428 485 &#8211; 0 Ambulante Beratung und Unterst\u00fctzung Wolfgang Schulz wolfgang.schulz(at)bzhk.hamburg.de Berufliche Orientierung Thomas Nedden thomas.nedden(at)bzhk.hamburg.de Diagnostik Julia Bredeh\u00f6ft julia.bredehoeft(at)bzhk.hamburg.de Fr\u00fchf\u00f6rderung Christiane Garvs christiane.garvs(at)bzhk.hamburg.de Ganztagskoordination Holger A\u00dfmann holger.assmann(at)bzhk.hamburg.de IT und Neue Medien Jasmin Hilpert jasmin.hilpert(at)bzhk.hamburg.de Koordination Beratung Johanna Schmidt de Cevallos johanna.schmidtdecevallos(at) bzhk.hamburg.de Koordination Kooperationspartner Kirsten &hellip; <a href=\"https:\/\/elbschule.hamburg.de\/?page_id=544\" class=\"more-link\"><span class=\"screen-reader-text\">besondere Aufgaben<\/span> weiterlesen <span class=\"meta-nav\">&rarr;<\/span><\/a><\/p>\n","protected":false},"author":195,"featured_media":0,"parent":0,"menu_order":0,"comment_status":"closed","ping_status":"closed","template":"","meta":{"_acf_changed":false,"footnotes":""},"class_list":["post-544","page","type-page","status-publish","hentry"],"acf":[],"_links":{"self":[{"href":"https:\/\/elbschule.hamburg.de\/index.php?rest_route=\/wp\/v2\/pages\/544","targetHints":{"allow":["GET"]}}],"collection":[{"href":"https:\/\/elbschule.hamburg.de\/index.php?rest_route=\/wp\/v2\/pages"}],"about":[{"href":"https:\/\/elbschule.hamburg.de\/index.php?rest_route=\/wp\/v2\/types\/page"}],"author":[{"embeddable":true,"href":"https:\/\/elbschule.hamburg.de\/index.php?rest_route=\/wp\/v2\/users\/195"}],"replies":[{"embeddable":true,"href":"https:\/\/elbschule.hamburg.de\/index.php?rest_route=%2Fwp%2Fv2%2Fcomments&post=544"}],"version-history":[{"count":43,"href":"https:\/\/elbschule.hamburg.de\/index.php?rest_route=\/wp\/v2\/pages\/544\/revisions"}],"predecessor-version":[{"id":5410,"href":"https:\/\/elbschule.hamburg.de\/index.php?rest_route=\/wp\/v2\/pages\/544\/revisions\/5410"}],"wp:attachment":[{"href":"https:\/\/elbschule.hamburg.de\/index.php?rest_route=%2Fwp%2Fv2%2Fmedia&parent=544"}],"curies":[{"name":"wp","href":"https:\/\/api.w.org\/{rel}","templated":true}]}}