{"id":4689,"date":"2024-06-10T13:24:23","date_gmt":"2024-06-10T13:24:23","guid":{"rendered":"https:\/\/elbschule.hamburg.de\/?page_id=4689"},"modified":"2024-06-10T13:24:23","modified_gmt":"2024-06-10T13:24:23","slug":"eine-besondere-fachtagung-der-paedagogischen-audiologie-in-der-elbschule","status":"publish","type":"page","link":"https:\/\/elbschule.hamburg.de\/?page_id=4689","title":{"rendered":"Eine besondere Fachtagung der P\u00e4dagogischen Audiologie in der Elbschule"},"content":{"rendered":"<p><a href=\"https:\/\/elbschule.hamburg.de\/wp-content\/uploads\/sites\/127\/2024\/06\/IMG_4445-rotated.jpg\" data-rel=\"lightbox\" data-rl_title=\"\" data-rl_caption=\"\" title=\"\"><img loading=\"lazy\" decoding=\"async\" class=\"aligncenter size-full wp-image-4692\" src=\"https:\/\/elbschule.hamburg.de\/wp-content\/uploads\/sites\/127\/2024\/06\/IMG_4445-rotated.jpg\" alt=\"\" width=\"640\" height=\"480\" srcset=\"https:\/\/elbschule.hamburg.de\/wp-content\/uploads\/sites\/127\/2024\/06\/IMG_4445-rotated.jpg 640w, https:\/\/elbschule.hamburg.de\/wp-content\/uploads\/sites\/127\/2024\/06\/IMG_4445-300x225.jpg 300w\" sizes=\"auto, (max-width: 640px) 100vw, 640px\" \/><\/a><\/p>\n<p>Die P\u00e4dagogische Audiologie ist eine der wichtigen S\u00e4ulen des Bildungszentrum H\u00f6ren und Kommunikation. Ihre zentralen Aufgaben sind die h\u00f6rgesch\u00e4digtenp\u00e4dagogische Diagnostik, die Beratung, F\u00f6rderung und die interdisziplin\u00e4re Kooperation. Das Team der Fachp\u00e4dagog:innen setzt sich stets mit den aktuellen Fragen und Erkenntnissen innerhalb der P\u00e4dagogischen Audiologie auseinander und bildet sich regelm\u00e4\u00dfig interdisziplin\u00e4r weiter.<\/p>\n<p>So traf sich der Arbeitskreis Nord der P\u00e4dagogischen Audiologie am <a href=\"https:\/\/elbschule.hamburg.de\/wp-content\/uploads\/sites\/127\/2024\/06\/IMG_4449-rotated.jpg\" data-rel=\"lightbox\" data-rl_title=\"\" data-rl_caption=\"\" title=\"\"><img loading=\"lazy\" decoding=\"async\" class=\"alignright size-medium wp-image-4693\" src=\"https:\/\/elbschule.hamburg.de\/wp-content\/uploads\/sites\/127\/2024\/06\/IMG_4449-300x225.jpg\" alt=\"\" width=\"300\" height=\"225\" srcset=\"https:\/\/elbschule.hamburg.de\/wp-content\/uploads\/sites\/127\/2024\/06\/IMG_4449-300x225.jpg 300w, https:\/\/elbschule.hamburg.de\/wp-content\/uploads\/sites\/127\/2024\/06\/IMG_4449-rotated.jpg 640w\" sizes=\"auto, (max-width: 300px) 100vw, 300px\" \/><\/a>22.\/23.April zu seiner 22. Arbeits- und Fortbildungstagung in der Elbschule. Dieser Arbeitskreis arbeitet vernetzt innerhalb des Berufs- und Fachverbands H\u00f6ren und Kommunikation (BdH), bietet Fortbildungen und auch die Qualifikation f\u00fcr die Arbeit in der P\u00e4dagogischen Audiologie an. Mit \u00fcber 70 Teilnehmer:innen konnte diesmal eine Rekordbeteiligung am Arbeitskreis Nord festgestellt werden. Der erste fachliche Vortrag &#8211; mit dem Titel \u201eObjektive Testverfahren\u201c &#8211; wurde von Herrn Dr. Wiesner vom Werner- Otto- Institut Hamburg, Abteilung f\u00fcr Phoniatrie und P\u00e4daudiologie gehalten. Weiter ging es mit einem spannenden Vortrag von Herrn Prof. Dr. Praetorius vom UKE Hamburg zum Thema \u201ePathologie des Mittelohres und operative Verfahren\u201c. Darauf folgte ein Vortrag von Frau Prof. Dr. H\u00e4nel Faulhaber von der Universit\u00e4t Hamburg und ihre Kollegin Frau Prof. Dr. Chilla von der Universit\u00e4t Flensburg zu ihren Forschungsergebnissen mit dem Thema: \u201eMultilingual und multimodaler Spracherwerb von tauben und h\u00f6rbehinderten Sch\u00fcler:innen mit Fluchterfahrungen.\u201c Im Anschluss an die Vortr\u00e4ge informierten Ingrid Roth und Hans-J\u00f6rg W\u00fcst \u00fcber den Stand der Qualifizierungsma\u00dfnahmen P\u00e4dagogische Audiologie des BdH und der Bundesdirektorenkonferenz sowie \u00fcber die neue M\u00f6glichkeit der Zertifizierung der Bildungseinrichtungen. Insgesamt sind bisher bundesweit gut 70 Kolleg:innen qualifiziert.<\/p>\n<p>Am n\u00e4chsten Tag fanden diverse Workshops zu Themen statt wie OAE (otoakustische Emissionen), Trommelfellbefunde und Geh\u00f6rgangsinspektion, Tympanometrie, H\u00f6rsamkeit in Klassenr\u00e4umen sowie zum Schwerpunkt Beratung in der Audiologie. Auch Firmen wie Auritec, KIND und WESTRA boten interessante Workshops an. Das Hamburger Team der P\u00e4dagogischen Audiologie bekam gro\u00dfes Lob f\u00fcr die sehr gute Vorbereitung und Durchf\u00fchrung der Tagung und ein gro\u00dfer Dank ging auch an die Klasse 10a der Elbschule, die\u00a0 ein hervorragendes Catering geboten hat. Eine Tagung in solch einem inhaltlichen und zeitlichen Umfang w\u00e4hrend des normalen Schulbetriebs zu stemmen, ist schon eine besondere Leistung und steht auch f\u00fcr die besondere Qualit\u00e4t der Elbschule.<\/p>\n<p>Katharina von Puttkamer<\/p>\n","protected":false},"excerpt":{"rendered":"<p>Die P\u00e4dagogische Audiologie ist eine der wichtigen S\u00e4ulen des Bildungszentrum H\u00f6ren und Kommunikation. Ihre zentralen Aufgaben sind die h\u00f6rgesch\u00e4digtenp\u00e4dagogische Diagnostik, die Beratung, F\u00f6rderung und die interdisziplin\u00e4re Kooperation. Das Team der Fachp\u00e4dagog:innen setzt sich stets mit den aktuellen Fragen und Erkenntnissen innerhalb der P\u00e4dagogischen Audiologie auseinander und bildet sich regelm\u00e4\u00dfig interdisziplin\u00e4r weiter. So traf sich der &hellip; <a href=\"https:\/\/elbschule.hamburg.de\/?page_id=4689\" class=\"more-link\"><span class=\"screen-reader-text\">Eine besondere Fachtagung der P\u00e4dagogischen Audiologie in der Elbschule<\/span> weiterlesen <span class=\"meta-nav\">&rarr;<\/span><\/a><\/p>\n","protected":false},"author":207,"featured_media":0,"parent":0,"menu_order":0,"comment_status":"closed","ping_status":"closed","template":"","meta":{"_acf_changed":false,"footnotes":""},"class_list":["post-4689","page","type-page","status-publish","hentry"],"acf":[],"_links":{"self":[{"href":"https:\/\/elbschule.hamburg.de\/index.php?rest_route=\/wp\/v2\/pages\/4689","targetHints":{"allow":["GET"]}}],"collection":[{"href":"https:\/\/elbschule.hamburg.de\/index.php?rest_route=\/wp\/v2\/pages"}],"about":[{"href":"https:\/\/elbschule.hamburg.de\/index.php?rest_route=\/wp\/v2\/types\/page"}],"author":[{"embeddable":true,"href":"https:\/\/elbschule.hamburg.de\/index.php?rest_route=\/wp\/v2\/users\/207"}],"replies":[{"embeddable":true,"href":"https:\/\/elbschule.hamburg.de\/index.php?rest_route=%2Fwp%2Fv2%2Fcomments&post=4689"}],"version-history":[{"count":2,"href":"https:\/\/elbschule.hamburg.de\/index.php?rest_route=\/wp\/v2\/pages\/4689\/revisions"}],"predecessor-version":[{"id":4694,"href":"https:\/\/elbschule.hamburg.de\/index.php?rest_route=\/wp\/v2\/pages\/4689\/revisions\/4694"}],"wp:attachment":[{"href":"https:\/\/elbschule.hamburg.de\/index.php?rest_route=%2Fwp%2Fv2%2Fmedia&parent=4689"}],"curies":[{"name":"wp","href":"https:\/\/api.w.org\/{rel}","templated":true}]}}