{"id":43,"date":"2015-04-11T15:42:24","date_gmt":"2015-04-11T15:42:24","guid":{"rendered":"http:\/\/elbschule.schulhomepages.hamburg.de\/?page_id=43"},"modified":"2015-08-30T11:06:18","modified_gmt":"2015-08-30T11:06:18","slug":"leitbild","status":"publish","type":"page","link":"https:\/\/elbschule.hamburg.de\/?page_id=43","title":{"rendered":"Leitbild"},"content":{"rendered":"<div id=\"content_all\" class=\"all_tease_off\">\n<div id=\"content\" class=\"tease_off\">\n<h1>\u00a0der Elbschule \u2013 Bildungszentrum H\u00f6ren und Kommunikation<\/h1>\n<div class=\"maintext\">\n<p>Die Elbschule ist das \u00fcberregionale Bildungszentrum f\u00fcr Kinder mit dem F\u00f6rderschwerpunkt H\u00f6ren und Kommunikation in Hamburg. Unser Ziel ist es, jedes Kind und jeden Jugendlichen auf eine gr\u00f6\u00dftm\u00f6gliche selbstbestimmte Lebens\u00adgestaltung vorzubereiten. Grundlage hierf\u00fcr ist eine ganzheitliche F\u00f6rderung der Sprach- und Kommunikationskompetenz sowie der sozialen, emotionalen und kognitiven Entwicklung<em>.<\/em><\/p>\n<p>Wir \u00f6ffnen Kindern und Jugendlichen vielf\u00e4ltige Bildungswege und begleiten sie in ihrer Entwicklung. Unser Kompetenzzentrum ist gepr\u00e4gt von der \u00dcberzeugung, dass Eltern, Kinder und Jugendliche ein Recht auf gr\u00f6\u00dftm\u00f6gliche Wahlfreiheit haben. Unsere Leistungen tragen deshalb Angebotscharakter. Dies pr\u00e4gt sowohl unseren Service- und Beratungs\u00adbereich als auch die Bildungswege in der eigenen Stammschule. Unsere Angebote umfassen eine gro\u00dfe Altersspanne, sie reichen vom S\u00e4ugling bis zum Jungerwachsenen.<\/p>\n<h3 align=\"center\"><strong>Unsere handlungsleitenden Grunds\u00e4tze<\/strong><\/h3>\n<p>&nbsp;<\/p>\n<p align=\"center\"><strong>Sprachenvielfalt &#8211; Eine Sprache zum H\u00f6ren und eine Sprache zum Sehen<\/strong><\/p>\n<ul class=\"unIndentedList\">\n<li>Geb\u00e4rdensprachen und Lautsprachen sind gleichwertige Sprachen. Wir ber\u00fccksichtigen die unterschiedlichen Wahrnehmungsbedingungen unserer Sch\u00fclerinnen und Sch\u00fcler, deshalb gibt es lautsprachliche und geb\u00e4rdensprachliche Angebote. Ziel ist eine hohe Kommunikationsf\u00e4higkeit.<\/li>\n<\/ul>\n<p>&nbsp;<\/p>\n<p align=\"center\"><strong>Ich bin ich und du bist du<\/strong><\/p>\n<ul class=\"unIndentedList\">\n<li>Jeder Mensch ist einzigartig! Eine H\u00f6rsch\u00e4digung geh\u00f6rt zur Pers\u00f6nlichkeit unserer Sch\u00fclerinnen und Sch\u00fcler und ist doch nur ein Teil von ihr. Unsere Konzepte sind auf Pers\u00f6nlichkeits- und Identit\u00e4tsentwicklung gerichtet. Selbstwirksamkeitserleben, psychische St\u00e4rke und die Entwicklung eines positiven Selbstkonzeptes sind die langfristigen Ziele.<\/li>\n<\/ul>\n<p>&nbsp;<\/p>\n<p align=\"center\"><strong>In guten H\u00e4nden<\/strong><\/p>\n<ul class=\"unIndentedList\">\n<li>Professionalit\u00e4t ist in Bildung und Erziehung eine bedeutsame Bedingung f\u00fcr gutes Gelingen. Das Kollegium der Elbschule verf\u00fcgt \u00fcber Fachleute mit vielf\u00e4ltigen Kompetenzen in der Begleitung, Beratung und F\u00f6rderung von Kindern und Jugendlichen mit dem F\u00f6rderschwerpunkt H\u00f6ren und Kommunikation. Dass zum Kollegium auch geh\u00f6rlose und schwerh\u00f6rige Lehrerinnen und Lehrer, Sozialp\u00e4dagoginnen und Erzieherinnen geh\u00f6ren, ist sowohl ein Gewinn f\u00fcr authentische, erfahrungsgeleitete Bildung und Erziehung als auch Ausdruck f\u00fcr gelebte Teilhabe.<\/li>\n<\/ul>\n<p>&nbsp;<\/p>\n<p align=\"center\"><strong>Wir fangen fr\u00fch an<\/strong><\/p>\n<ul class=\"unIndentedList\">\n<li>Nach der Diagnosestellung der Mediziner ist unser Bildungs- und Beratungszentrum einer der ersten Ansprechpartner f\u00fcr die Eltern. In den Eltern sehen wir unsere kundigen Partner. Fr\u00fchf\u00f6rderung ist deshalb f\u00fcr uns ein gemeinsam gestalteter, dialogischer Prozess. Im Wesentlichen geht es darum, Ressourcen aufzusp\u00fcren, \u00fcber die Kind und Eltern verf\u00fcgen, und diese Kompetenzen zu st\u00e4rken.<\/li>\n<\/ul>\n<p>&nbsp;<\/p>\n<p align=\"center\"><strong>Wir schaffen Perspektiven<br \/>\n<\/strong><\/p>\n<ul class=\"unIndentedList\">\n<li>Ein besonders hohes Ma\u00df an Binnendifferenzierung ist fester Bestandteil unseres Unterrichts. Wir arbeiten auf der Grundlage der Bildungspl\u00e4ne f\u00fcr Grund- und Stadtteilschulen und vermitteln den ersten allgemeinbildenden Schulabschluss sowie den mittleren Schulabschluss. F\u00fcr Sch\u00fclerinnen und Sch\u00fcler mit weiteren F\u00f6rderschwerpunkten bieten wir individuelle Lernwege. Ab Klasse 7 beginnt eine umfangreiche Berufsvorbereitung. Ihre k\u00fcnstlerisch-kreativen St\u00e4rken k\u00f6nnen unsere Sch\u00fclerinnen und Sch\u00fcler insbesondere im Rahmen unserer kulturellen Projekte entdecken und ausbauen. Jeder Mensch besitzt viele Talente!<strong><br \/>\n<\/strong><\/li>\n<\/ul>\n<p>&nbsp;<\/p>\n<p align=\"center\"><strong>Wir haben Partner<\/strong><\/p>\n<ul class=\"unIndentedList\">\n<li>Unsere wichtigsten Partner sind die Eltern, daher ist f\u00fcr uns eine intensive Zusammen\u00adarbeit mit ihnen besonders bedeutsam. Eine interdisziplin\u00e4re Vernetzung insbesondere mit der Universit\u00e4tsklinik Eppendorf, dem Werner-Otto-Institut sowie Cochlea-Implantat-Zentren, HNO-\u00c4rzten und Akustikern, der Universit\u00e4t Hamburg sowie dem Bund der Schwerh\u00f6rigen und dem Geh\u00f6rlosenverband ist fester Bestandteil unseres Konzeptes. Wir arbeiten au\u00dferdem aktiv in regionalen und \u00fcberregionalen Netzwerken mit. Unser Ziel ist ein fachlicher Austausch, so dass wir zum Wohl unser Sch\u00fclerinnen und Sch\u00fcler stets auf dem neuesten Stand sind. Wir h\u00f6ren und sehen einander zu, tauschen uns aus und lernen voneinander!<\/li>\n<\/ul>\n<p>&nbsp;<\/p>\n<p align=\"center\"><strong>Wir gehen raus!<br \/>\n<\/strong><\/p>\n<ul class=\"unIndentedList\">\n<li>Die Wahl des bestm\u00f6glichen Schulortes ist immer eine Einzelfallentscheidung. Wir beraten Sch\u00fclerinnen und Sch\u00fcler sowie ihre Eltern in diesem wichtigen Entscheidungsprozess. Kinder und Jugendliche, die an allgemeinen Kindertagesst\u00e4tten, allgemeinen Schulen und allgemeinen Beruflichen Schulen gef\u00f6rdert und unterrichtet werden, erhalten unsere umfassende Beratung und Unterst\u00fctzung. Ziel ist die gleichberechtigte Teilhabe am Bildungs- und Erziehungsprozess sowie eine stabile sozial-emotionale Entwicklung. Ziel ist es auch, einer einseitigen Anpassung entgegenzuwirken und stattdessen das inklusive Leitbild zu st\u00e4rken.<\/li>\n<\/ul>\n<p>&nbsp;<\/p>\n<p>&nbsp;<\/p>\n<p><span style=\"font-size: xx-small\">Beschlossen durch die Schulkonferenz am 26.11.2012 nach Mitwirkung und Befragung aller schulischer Gremien.<\/span><\/p>\n<\/div>\n<\/div>\n<\/div>\n","protected":false},"excerpt":{"rendered":"<p>\u00a0der Elbschule \u2013 Bildungszentrum H\u00f6ren und Kommunikation Die Elbschule ist das \u00fcberregionale Bildungszentrum f\u00fcr Kinder mit dem F\u00f6rderschwerpunkt H\u00f6ren und Kommunikation in Hamburg. Unser Ziel ist es, jedes Kind und jeden Jugendlichen auf eine gr\u00f6\u00dftm\u00f6gliche selbstbestimmte Lebens\u00adgestaltung vorzubereiten. Grundlage hierf\u00fcr ist eine ganzheitliche F\u00f6rderung der Sprach- und Kommunikationskompetenz sowie der sozialen, emotionalen und kognitiven Entwicklung. &hellip; <a href=\"https:\/\/elbschule.hamburg.de\/?page_id=43\" class=\"more-link\"><span class=\"screen-reader-text\">Leitbild<\/span> weiterlesen <span class=\"meta-nav\">&rarr;<\/span><\/a><\/p>\n","protected":false},"author":207,"featured_media":0,"parent":0,"menu_order":0,"comment_status":"closed","ping_status":"closed","template":"","meta":{"_acf_changed":false,"footnotes":""},"class_list":["post-43","page","type-page","status-publish","hentry"],"acf":[],"_links":{"self":[{"href":"https:\/\/elbschule.hamburg.de\/index.php?rest_route=\/wp\/v2\/pages\/43","targetHints":{"allow":["GET"]}}],"collection":[{"href":"https:\/\/elbschule.hamburg.de\/index.php?rest_route=\/wp\/v2\/pages"}],"about":[{"href":"https:\/\/elbschule.hamburg.de\/index.php?rest_route=\/wp\/v2\/types\/page"}],"author":[{"embeddable":true,"href":"https:\/\/elbschule.hamburg.de\/index.php?rest_route=\/wp\/v2\/users\/207"}],"replies":[{"embeddable":true,"href":"https:\/\/elbschule.hamburg.de\/index.php?rest_route=%2Fwp%2Fv2%2Fcomments&post=43"}],"version-history":[{"count":1,"href":"https:\/\/elbschule.hamburg.de\/index.php?rest_route=\/wp\/v2\/pages\/43\/revisions"}],"predecessor-version":[{"id":162,"href":"https:\/\/elbschule.hamburg.de\/index.php?rest_route=\/wp\/v2\/pages\/43\/revisions\/162"}],"wp:attachment":[{"href":"https:\/\/elbschule.hamburg.de\/index.php?rest_route=%2Fwp%2Fv2%2Fmedia&parent=43"}],"curies":[{"name":"wp","href":"https:\/\/api.w.org\/{rel}","templated":true}]}}